{"id":1447,"date":"2020-06-04T00:44:05","date_gmt":"2020-06-03T22:44:05","guid":{"rendered":"http:\/\/cuellarcot.com\/?page_id=1447"},"modified":"2021-01-25T15:31:54","modified_gmt":"2021-01-25T14:31:54","slug":"dr-asier-cuellar-ayestaran","status":"publish","type":"page","link":"https:\/\/cuellarcot.com\/index.php\/sobre-nosotros\/dr-asier-cuellar-ayestaran\/","title":{"rendered":"Dr. Asier Cu\u00e9llar Ayestar\u00e1n"},"content":{"rendered":"\t\t<div data-elementor-type=\"wp-page\" data-elementor-id=\"1447\" class=\"elementor elementor-1447\">\n\t\t\t\t\t\t<div class=\"elementor-inner\">\n\t\t\t\t<div class=\"elementor-section-wrap\">\n\t\t\t\t\t\t\t\t\t<section class=\"elementor-section elementor-top-section elementor-element elementor-element-239d0730 elementor-section-boxed elementor-section-height-default elementor-section-height-default\" data-id=\"239d0730\" data-element_type=\"section\">\n\t\t\t\t\t\t<div class=\"elementor-container elementor-column-gap-default\">\n\t\t\t\t\t\t\t<div class=\"elementor-row\">\n\t\t\t\t\t<div class=\"elementor-column elementor-col-100 elementor-top-column elementor-element elementor-element-2845ed0c\" data-id=\"2845ed0c\" data-element_type=\"column\">\n\t\t\t<div class=\"elementor-column-wrap elementor-element-populated\">\n\t\t\t\t\t\t\t<div class=\"elementor-widget-wrap\">\n\t\t\t\t\t\t<div class=\"elementor-element elementor-element-124fed10 elementor-widget elementor-widget-text-editor\" data-id=\"124fed10\" data-element_type=\"widget\" data-widget_type=\"text-editor.default\">\n\t\t\t\t<div class=\"elementor-widget-container\">\n\t\t\t\t\t\t\t\t<div class=\"elementor-text-editor elementor-clearfix\">\n\t\t\t\t<p><span style=\"color: #000000;\"><a style=\"color: #000000;\" href=\"https:\/\/cuellarcot.com\/wp-content\/uploads\/2020\/07\/Dr.-Asier-Cue\u00b4llar2.jpg\"><img decoding=\"async\" loading=\"lazy\" class=\"wp-image-1487 size-full aligncenter\" src=\"https:\/\/cuellarcot.com\/wp-content\/uploads\/2020\/07\/Dr.-Asier-Cue\u00b4llar2.jpg\" alt=\"\" width=\"268\" height=\"300\" \/><\/a><\/span><\/p><p align=\"JUSTIFY\"><span style=\"color: #000000;\">Tras completar su formaci\u00f3n MIR en el Servicio de Cirug\u00eda Ortop\u00e9dica y Traumatolog\u00eda del Hospital Universitario Donostia de San Sebasti\u00e1n, el doctor <b>Asier Cu\u00e9llar<\/b> es una de las m\u00e1s recientes incorporaciones al equipo de Traumatolog\u00eda de Policlinica.<\/span><\/p><p align=\"JUSTIFY\"><span style=\"color: #000000;\">A lo largo de su primer per\u00edodo de formaci\u00f3n (2011-2014), Asier Cu\u00e9llar es alumno interno en el Departamento de Cirug\u00eda, Radiolog\u00eda y Medicina F\u00edsica de la Universidad del Pa\u00eds Vasco donde adquiere y desarrolla conocimientos de cirug\u00eda de investigaci\u00f3n. Actualmente contin\u00faa desarrollando actividad investigadora en dicho Departamento gracias a la consecuci\u00f3n de las becas: \u201cEstudio experimental para reducir el da\u00f1o por reperfusi\u00f3n en miembros inferiores en animales de edad avanzada\u201d Beca Junior de experimentaci\u00f3n de la Sociedad Espa\u00f1ola de Rodilla (NOV\/2020) y en la que Asier Cu\u00e9llar es el Investigador Principal y \u201cRevisi\u00f3n artrodesis subtalar mediante 2 portales laterales y desarrollo de portales para triple artrodesis\u201d siendo el IP el Dr. Juan Zald\u00faa y otorgada por la Fundaci\u00f3n Espa\u00f1ola de Artroscopia (NOV\/2016).<\/span><\/p><p align=\"JUSTIFY\"><span style=\"color: #000000;\">A lo largo de sus a\u00f1os de formaci\u00f3n ha realizado rotaciones en el Hospital for Special Surgery de Nueva York, Cl\u00ednica Alemana en Santiago Chile y Unidad de Rodilla, Hospital Dexeus Quir\u00f3n, ICATME, Barcelona afianzando sus conocimientos en la patolog\u00eda de rodilla y en terapias biol\u00f3gicas.<\/span><\/p><p align=\"JUSTIFY\"><span style=\"color: #000000;\">Activo en diversas Sociedades: regionales de Traumatolog\u00eda (SVNCOT); nacionales de Traumatolog\u00eda (SECOT), de Artroscopia (AEA), de Rodilla (SEROD). Su actividad cuenta en ellas con comunicaciones y ponencias. Coautor en m\u00e1s de 20 publicaciones de \u00edndole nacional e internacional alcanz\u00f3, tambi\u00e9n como coautor, el Premio Dr. Rafael Canosa otorgado por la Asociaci\u00f3n Espa\u00f1ola de Artroscopia (AEA) al mejor art\u00edculo publicado en revista de impacto (2017).<\/span><\/p><p align=\"JUSTIFY\"><span style=\"color: #000000;\">Ha participado en diversos cursos anat\u00f3micos de osteos\u00edntesis de fracturas, hombro y rodilla. Tras un breve per\u00edodo de 6 meses como M\u00e9dico Adjunto de Cirug\u00eda Ortop\u00e9dica y Traumatolog\u00eda del Hospital Universitario Donostia, actualmente realiza dedicaci\u00f3n exclusiva en Policlinica Gipuzkoa del grupo Quir\u00f3nsalud. Labor asistencial polivalente, ortop\u00e9dica y artrosc\u00f3pica, centrada actualmente y dentro del proyecto IVCOT en <b>rodilla y terapias biol\u00f3gicas<\/b>.<\/span><\/p><p align=\"JUSTIFY\"><span style=\"color: #000000;\">Realiza tambi\u00e9n atenci\u00f3n continuada de Traumatolog\u00eda a trav\u00e9s del Servicio de Urgencia de Policlinica siendo m\u00e9dico referente de la Mutuas Laborales, as\u00ed como forma parte del equipo m\u00e9dico de la Federaci\u00f3n Guipuzcoana de F\u00fatbol y de las federaciones guipuzcoanas de Rugby, Baloncesto, Balonmano, Monta\u00f1a y Atletismo.<\/span><\/p><p align=\"JUSTIFY\"><span style=\"color: #000000;\">Proyecto actual: creaci\u00f3n y promoci\u00f3n del Instituto Vasco de Cirug\u00eda Ortop\u00e9dica y Traumatolog\u00eda (IVCOT).<\/span><\/p>\t\t\t\t\t<\/div>\n\t\t\t\t\t\t<\/div>\n\t\t\t\t<\/div>\n\t\t\t\t\t\t<\/div>\n\t\t\t\t\t<\/div>\n\t\t<\/div>\n\t\t\t\t\t\t\t\t<\/div>\n\t\t\t\t\t<\/div>\n\t\t<\/section>\n\t\t\t\t<section class=\"elementor-section elementor-top-section elementor-element elementor-element-f7bb994 elementor-section-boxed elementor-section-height-default elementor-section-height-default\" data-id=\"f7bb994\" data-element_type=\"section\">\n\t\t\t\t\t\t<div class=\"elementor-container elementor-column-gap-default\">\n\t\t\t\t\t\t\t<div class=\"elementor-row\">\n\t\t\t\t\t<div class=\"elementor-column elementor-col-100 elementor-top-column elementor-element elementor-element-14c09b3\" data-id=\"14c09b3\" data-element_type=\"column\">\n\t\t\t<div class=\"elementor-column-wrap elementor-element-populated\">\n\t\t\t\t\t\t\t<div class=\"elementor-widget-wrap\">\n\t\t\t\t\t\t<div class=\"elementor-element elementor-element-545e3b1 elementor-widget elementor-widget-toggle\" data-id=\"545e3b1\" data-element_type=\"widget\" data-widget_type=\"toggle.default\">\n\t\t\t\t<div class=\"elementor-widget-container\">\n\t\t\t\t\t<div class=\"elementor-toggle\">\n\t\t\t\t\t\t\t<div class=\"elementor-toggle-item\">\n\t\t\t\t\t<div id=\"elementor-tab-title-8841\" class=\"elementor-tab-title\" data-tab=\"1\" role=\"button\" aria-controls=\"elementor-tab-content-8841\" aria-expanded=\"false\">\n\t\t\t\t\t\t\t\t\t\t\t\t<span class=\"elementor-toggle-icon elementor-toggle-icon-left\" aria-hidden=\"true\">\n\t\t\t\t\t\t\t\t\t\t\t\t\t\t\t<span class=\"elementor-toggle-icon-closed\"><i class=\"fas fa-caret-right\"><\/i><\/span>\n\t\t\t\t\t\t\t\t<span class=\"elementor-toggle-icon-opened\"><i class=\"elementor-toggle-icon-opened fas fa-caret-up\"><\/i><\/span>\n\t\t\t\t\t\t\t\t\t\t\t\t\t<\/span>\n\t\t\t\t\t\t\t\t\t\t\t\t<a class=\"elementor-toggle-title\" tabindex=\"0\">T\u00cdTULOS ACAD\u00c9MICOS<\/a>\n\t\t\t\t\t<\/div>\n\n\t\t\t\t\t<div id=\"elementor-tab-content-8841\" class=\"elementor-tab-content elementor-clearfix\" data-tab=\"1\" role=\"region\" aria-labelledby=\"elementor-tab-title-8841\"><ul><li><span style=\"color: #000000;\">LICENCIADO Universidad Del Pa\u00eds Vasco UPV-EHV 08\/08\/2014<\/span><\/li><li><span style=\"color: #000000;\">ESPECIALISTA TRAUMATOLOGIA Y C. ORTOPEDICA Universidad del Pa\u00eds Vasco 20\/05\/2020<\/span><\/li><\/ul><\/div>\n\t\t\t\t<\/div>\n\t\t\t\t\t\t\t<div class=\"elementor-toggle-item\">\n\t\t\t\t\t<div id=\"elementor-tab-title-8842\" class=\"elementor-tab-title\" data-tab=\"2\" role=\"button\" aria-controls=\"elementor-tab-content-8842\" aria-expanded=\"false\">\n\t\t\t\t\t\t\t\t\t\t\t\t<span class=\"elementor-toggle-icon elementor-toggle-icon-left\" aria-hidden=\"true\">\n\t\t\t\t\t\t\t\t\t\t\t\t\t\t\t<span class=\"elementor-toggle-icon-closed\"><i class=\"fas fa-caret-right\"><\/i><\/span>\n\t\t\t\t\t\t\t\t<span class=\"elementor-toggle-icon-opened\"><i class=\"elementor-toggle-icon-opened fas fa-caret-up\"><\/i><\/span>\n\t\t\t\t\t\t\t\t\t\t\t\t\t<\/span>\n\t\t\t\t\t\t\t\t\t\t\t\t<a class=\"elementor-toggle-title\" tabindex=\"0\">FORMACI\u00d3N<\/a>\n\t\t\t\t\t<\/div>\n\n\t\t\t\t\t<div id=\"elementor-tab-content-8842\" class=\"elementor-tab-content elementor-clearfix\" data-tab=\"2\" role=\"region\" aria-labelledby=\"elementor-tab-title-8842\"><ul><li><span style=\"color: #000000;\">2008-2011 Universidad Internacional de Catalu\u00f1a. Facultad de Medicina<\/span><\/li><li><span style=\"color: #000000;\">2011-2014 Universidad del Pa\u00eds Vasco. Facultad de Odontolog\u00eda y Medicina<\/span><\/li><li><span style=\"color: #000000;\">2011-2014 Departamento de Cirug\u00eda y Radiolog\u00eda y Medicina F\u00edsica. Laboratorio de habilidades quir\u00fargicas. Facultad de Medicina del Pa\u00eds Vasco.<\/span><\/li><\/ul><\/div>\n\t\t\t\t<\/div>\n\t\t\t\t\t\t\t<div class=\"elementor-toggle-item\">\n\t\t\t\t\t<div id=\"elementor-tab-title-8843\" class=\"elementor-tab-title\" data-tab=\"3\" role=\"button\" aria-controls=\"elementor-tab-content-8843\" aria-expanded=\"false\">\n\t\t\t\t\t\t\t\t\t\t\t\t<span class=\"elementor-toggle-icon elementor-toggle-icon-left\" aria-hidden=\"true\">\n\t\t\t\t\t\t\t\t\t\t\t\t\t\t\t<span class=\"elementor-toggle-icon-closed\"><i class=\"fas fa-caret-right\"><\/i><\/span>\n\t\t\t\t\t\t\t\t<span class=\"elementor-toggle-icon-opened\"><i class=\"elementor-toggle-icon-opened fas fa-caret-up\"><\/i><\/span>\n\t\t\t\t\t\t\t\t\t\t\t\t\t<\/span>\n\t\t\t\t\t\t\t\t\t\t\t\t<a class=\"elementor-toggle-title\" tabindex=\"0\">TITULACIONES Y CARGOS PROFESIONALES<\/a>\n\t\t\t\t\t<\/div>\n\n\t\t\t\t\t<div id=\"elementor-tab-content-8843\" class=\"elementor-tab-content elementor-clearfix\" data-tab=\"3\" role=\"region\" aria-labelledby=\"elementor-tab-title-8843\"><ul><li><span style=\"color: #000000;\">En Concurso Nacional (2014), plaza de Residente (M.I.R.) en el Hospital Universitario Donostia de San Sebasti\u00e1n. Especialidad de Traumatolog\u00eda y Cirug\u00eda Ortop\u00e9dica. A\u00f1os de estancia: 2014 hasta la actualidad.<\/span><\/li><li><span style=\"color: #000000;\">M\u00e9dico adjunto de cirug\u00eda ortop\u00e9dica y traumatolog\u00eda (Contrato) Hospital Universitario Donostia desde 01\/06\/2020.<\/span><\/li><\/ul><\/div>\n\t\t\t\t<\/div>\n\t\t\t\t\t\t\t<div class=\"elementor-toggle-item\">\n\t\t\t\t\t<div id=\"elementor-tab-title-8844\" class=\"elementor-tab-title\" data-tab=\"4\" role=\"button\" aria-controls=\"elementor-tab-content-8844\" aria-expanded=\"false\">\n\t\t\t\t\t\t\t\t\t\t\t\t<span class=\"elementor-toggle-icon elementor-toggle-icon-left\" aria-hidden=\"true\">\n\t\t\t\t\t\t\t\t\t\t\t\t\t\t\t<span class=\"elementor-toggle-icon-closed\"><i class=\"fas fa-caret-right\"><\/i><\/span>\n\t\t\t\t\t\t\t\t<span class=\"elementor-toggle-icon-opened\"><i class=\"elementor-toggle-icon-opened fas fa-caret-up\"><\/i><\/span>\n\t\t\t\t\t\t\t\t\t\t\t\t\t<\/span>\n\t\t\t\t\t\t\t\t\t\t\t\t<a class=\"elementor-toggle-title\" tabindex=\"0\">OTRAS ACTIVIDADES RELATIVAS A LA LICENCIATURA<\/a>\n\t\t\t\t\t<\/div>\n\n\t\t\t\t\t<div id=\"elementor-tab-content-8844\" class=\"elementor-tab-content elementor-clearfix\" data-tab=\"4\" role=\"region\" aria-labelledby=\"elementor-tab-title-8844\"><ul><li><span style=\"color: #000000;\"><b>Junio-Julio de 2010-2011 Pr\u00e1cticas en el Hospital Quir\u00f3n de San Sebasti\u00e1n. Servicio de Cirug\u00eda Ortop\u00e9dica y Traumatolog\u00eda.<\/b><\/span><\/li><li><span style=\"color: #000000;\"><b>2012-2020 Pr\u00e1cticas en la Policl\u00ednica-Quir\u00f3n Guip\u00fazcoa. Cirug\u00eda Ortop\u00e9dica-Traumatolog\u00eda.<\/b><\/span><\/li><li><span style=\"color: #000000;\">Febrero 2016 Rotaci\u00f3n en el servicio de Traumatolog\u00eda y Ortopedia de la Cl\u00ednica Alemana en Santiago Chile<\/span><\/li><li><span style=\"color: #000000;\">Curso: S\u00edndromes generales y procedimientos auxiliares de diagn\u00f3sticos en Cirug\u00eda Ortop\u00e9dica y Traumatolog\u00eda. Fundaci\u00f3n San Pablo CEU (187,5 horas, 7,5 cr\u00e9ditos ECTS)<\/span><\/li><li><span style=\"color: #000000;\">Curso rodilla, gonartrosis, tumores y fracturas. 18 marzo 2019 a 31 agosto 2019.<\/span><\/li><li><span style=\"color: #000000;\">Curso rodilla ciencias b\u00e1sicas, meniscos y ligamentos. 22 Octubre 2018 a 24 febrero 2019.<\/span><\/li><li><span style=\"color: #000000;\">Curso Patolog\u00eda b\u00e1sica de pie y tobillo. 2019<\/span><\/li><li><span style=\"color: #000000;\"><b>Marzo 2019, Rotaci\u00f3n externa servicio de Ortopedia, Hospital Special Surgery, New York<\/b><\/span><\/li><li><span style=\"color: #000000;\"><b>Octubre-Dicembre 2019, rotaci\u00f3n externa Unidad de Rodilla, Hospital Dexeus Quir\u00f3n, Icatme, Barcelona<\/b><\/span><\/li><\/ul><\/div>\n\t\t\t\t<\/div>\n\t\t\t\t\t\t\t\t<\/div>\n\t\t\t\t<\/div>\n\t\t\t\t<\/div>\n\t\t\t\t\t\t<\/div>\n\t\t\t\t\t<\/div>\n\t\t<\/div>\n\t\t\t\t\t\t\t\t<\/div>\n\t\t\t\t\t<\/div>\n\t\t<\/section>\n\t\t\t\t<section class=\"elementor-section elementor-top-section elementor-element elementor-element-eddd106 elementor-section-boxed elementor-section-height-default elementor-section-height-default\" data-id=\"eddd106\" data-element_type=\"section\">\n\t\t\t\t\t\t<div class=\"elementor-container elementor-column-gap-default\">\n\t\t\t\t\t\t\t<div class=\"elementor-row\">\n\t\t\t\t\t<div class=\"elementor-column elementor-col-100 elementor-top-column elementor-element elementor-element-e28572e\" data-id=\"e28572e\" data-element_type=\"column\">\n\t\t\t<div class=\"elementor-column-wrap elementor-element-populated\">\n\t\t\t\t\t\t\t<div class=\"elementor-widget-wrap\">\n\t\t\t\t\t\t<div class=\"elementor-element elementor-element-03025f7 elementor-widget elementor-widget-text-editor\" data-id=\"03025f7\" data-element_type=\"widget\" data-widget_type=\"text-editor.default\">\n\t\t\t\t<div class=\"elementor-widget-container\">\n\t\t\t\t\t\t\t\t<div class=\"elementor-text-editor elementor-clearfix\">\n\t\t\t\t<p style=\"text-align: center;\"><span style=\"font-size: 20px; color: #0000ff;\"><a style=\"color: #0000ff;\" href=\"https:\/\/cuellarcot.com\/index.php\/sobre-nosotros\/dr-asier-cuellar-ayestaran\/cursos-realizados-dr-asier-cuellar\/\" target=\"_blank\" rel=\"noopener noreferrer\"><strong>CURSOS REALIZADOS<\/strong><\/a><\/span><\/p><p style=\"text-align: center;\"><a href=\"https:\/\/cuellarcot.com\/index.php\/articulos-y-publicaciones\/\" target=\"_blank\" rel=\"noopener noreferrer\"><strong><span style=\"font-size: 20px; color: #0000ff;\">ART\u00cdCULOS Y PUBLICACIONES<\/span><\/strong><\/a><\/p>\t\t\t\t\t<\/div>\n\t\t\t\t\t\t<\/div>\n\t\t\t\t<\/div>\n\t\t\t\t\t\t<\/div>\n\t\t\t\t\t<\/div>\n\t\t<\/div>\n\t\t\t\t\t\t\t\t<\/div>\n\t\t\t\t\t<\/div>\n\t\t<\/section>\n\t\t\t\t\t\t\t\t\t<\/div>\n\t\t\t<\/div>\n\t\t\t\t\t<\/div>\n\t\t","protected":false},"excerpt":{"rendered":"<p>Tras completar su formaci\u00f3n MIR en el Servicio de Cirug\u00eda Ortop\u00e9dica y Traumatolog\u00eda del Hospital Universitario Donostia de San Sebasti\u00e1n, el doctor Asier Cu\u00e9llar es una de las m\u00e1s recientes incorporaciones al equipo de Traumatolog\u00eda de Policlinica. A lo largo de su primer per\u00edodo de formaci\u00f3n (2011-2014), Asier Cu\u00e9llar es alumno interno en el Departamento [&hellip;]<\/p>\n","protected":false},"author":1,"featured_media":1487,"parent":8,"menu_order":0,"comment_status":"closed","ping_status":"closed","template":"","meta":{"_exactmetrics_skip_tracking":false,"_exactmetrics_sitenote_active":false,"_exactmetrics_sitenote_note":"","_exactmetrics_sitenote_category":0,"ngg_post_thumbnail":0},"categories":[],"tags":[],"yoast_head":"<!-- This site is optimized with the Yoast SEO plugin v20.11 - https:\/\/yoast.com\/wordpress\/plugins\/seo\/ -->\n<title>Dr. Asier Cu\u00e9llar Ayestar\u00e1n -<\/title>\n<meta name=\"robots\" content=\"index, follow, max-snippet:-1, max-image-preview:large, max-video-preview:-1\" \/>\n<link rel=\"canonical\" href=\"https:\/\/cuellarcot.com\/index.php\/sobre-nosotros\/dr-asier-cuellar-ayestaran\/\" \/>\n<meta property=\"og:locale\" content=\"es_ES\" \/>\n<meta property=\"og:type\" content=\"article\" \/>\n<meta property=\"og:title\" content=\"Dr. Asier Cu\u00e9llar Ayestar\u00e1n -\" \/>\n<meta property=\"og:description\" content=\"Tras completar su formaci\u00f3n MIR en el Servicio de Cirug\u00eda Ortop\u00e9dica y Traumatolog\u00eda del Hospital Universitario Donostia de San Sebasti\u00e1n, el doctor Asier Cu\u00e9llar es una de las m\u00e1s recientes incorporaciones al equipo de Traumatolog\u00eda de Policlinica. A lo largo de su primer per\u00edodo de formaci\u00f3n (2011-2014), Asier Cu\u00e9llar es alumno interno en el Departamento [&hellip;]\" \/>\n<meta property=\"og:url\" content=\"https:\/\/cuellarcot.com\/index.php\/sobre-nosotros\/dr-asier-cuellar-ayestaran\/\" \/>\n<meta property=\"article:modified_time\" content=\"2021-01-25T14:31:54+00:00\" \/>\n<meta property=\"og:image\" content=\"https:\/\/cuellarcot.com\/wp-content\/uploads\/2020\/07\/Dr.-Asier-Cue\u00b4llar2.jpg\" \/>\n\t<meta property=\"og:image:width\" content=\"268\" \/>\n\t<meta property=\"og:image:height\" content=\"300\" \/>\n\t<meta property=\"og:image:type\" content=\"image\/jpeg\" \/>\n<meta name=\"twitter:card\" content=\"summary_large_image\" \/>\n<meta name=\"twitter:label1\" content=\"Tiempo de lectura\" \/>\n\t<meta name=\"twitter:data1\" content=\"3 minutos\" \/>\n<script type=\"application\/ld+json\" class=\"yoast-schema-graph\">{\"@context\":\"https:\/\/schema.org\",\"@graph\":[{\"@type\":\"WebPage\",\"@id\":\"https:\/\/cuellarcot.com\/index.php\/sobre-nosotros\/dr-asier-cuellar-ayestaran\/\",\"url\":\"https:\/\/cuellarcot.com\/index.php\/sobre-nosotros\/dr-asier-cuellar-ayestaran\/\",\"name\":\"Dr. Asier Cu\u00e9llar Ayestar\u00e1n -\",\"isPartOf\":{\"@id\":\"https:\/\/cuellarcot.com\/#website\"},\"datePublished\":\"2020-06-03T22:44:05+00:00\",\"dateModified\":\"2021-01-25T14:31:54+00:00\",\"breadcrumb\":{\"@id\":\"https:\/\/cuellarcot.com\/index.php\/sobre-nosotros\/dr-asier-cuellar-ayestaran\/#breadcrumb\"},\"inLanguage\":\"es\",\"potentialAction\":[{\"@type\":\"ReadAction\",\"target\":[\"https:\/\/cuellarcot.com\/index.php\/sobre-nosotros\/dr-asier-cuellar-ayestaran\/\"]}]},{\"@type\":\"BreadcrumbList\",\"@id\":\"https:\/\/cuellarcot.com\/index.php\/sobre-nosotros\/dr-asier-cuellar-ayestaran\/#breadcrumb\",\"itemListElement\":[{\"@type\":\"ListItem\",\"position\":1,\"name\":\"Portada\",\"item\":\"https:\/\/cuellarcot.com\/\"},{\"@type\":\"ListItem\",\"position\":2,\"name\":\"Sobre nosotros\",\"item\":\"https:\/\/cuellarcot.com\/index.php\/sobre-nosotros\/\"},{\"@type\":\"ListItem\",\"position\":3,\"name\":\"Dr. Asier Cu\u00e9llar Ayestar\u00e1n\"}]},{\"@type\":\"WebSite\",\"@id\":\"https:\/\/cuellarcot.com\/#website\",\"url\":\"https:\/\/cuellarcot.com\/\",\"name\":\"\",\"description\":\"Traumatolog\u00eda, Cirug\u00eda ortop\u00e9dica y Artroscopia\",\"potentialAction\":[{\"@type\":\"SearchAction\",\"target\":{\"@type\":\"EntryPoint\",\"urlTemplate\":\"https:\/\/cuellarcot.com\/?s={search_term_string}\"},\"query-input\":\"required name=search_term_string\"}],\"inLanguage\":\"es\"}]}<\/script>\n<!-- \/ Yoast SEO plugin. -->","yoast_head_json":{"title":"Dr. Asier Cu\u00e9llar Ayestar\u00e1n -","robots":{"index":"index","follow":"follow","max-snippet":"max-snippet:-1","max-image-preview":"max-image-preview:large","max-video-preview":"max-video-preview:-1"},"canonical":"https:\/\/cuellarcot.com\/index.php\/sobre-nosotros\/dr-asier-cuellar-ayestaran\/","og_locale":"es_ES","og_type":"article","og_title":"Dr. Asier Cu\u00e9llar Ayestar\u00e1n -","og_description":"Tras completar su formaci\u00f3n MIR en el Servicio de Cirug\u00eda Ortop\u00e9dica y Traumatolog\u00eda del Hospital Universitario Donostia de San Sebasti\u00e1n, el doctor Asier Cu\u00e9llar es una de las m\u00e1s recientes incorporaciones al equipo de Traumatolog\u00eda de Policlinica. A lo largo de su primer per\u00edodo de formaci\u00f3n (2011-2014), Asier Cu\u00e9llar es alumno interno en el Departamento [&hellip;]","og_url":"https:\/\/cuellarcot.com\/index.php\/sobre-nosotros\/dr-asier-cuellar-ayestaran\/","article_modified_time":"2021-01-25T14:31:54+00:00","og_image":[{"width":268,"height":300,"url":"https:\/\/cuellarcot.com\/wp-content\/uploads\/2020\/07\/Dr.-Asier-Cue\u00b4llar2.jpg","type":"image\/jpeg"}],"twitter_card":"summary_large_image","twitter_misc":{"Tiempo de lectura":"3 minutos"},"schema":{"@context":"https:\/\/schema.org","@graph":[{"@type":"WebPage","@id":"https:\/\/cuellarcot.com\/index.php\/sobre-nosotros\/dr-asier-cuellar-ayestaran\/","url":"https:\/\/cuellarcot.com\/index.php\/sobre-nosotros\/dr-asier-cuellar-ayestaran\/","name":"Dr. Asier Cu\u00e9llar Ayestar\u00e1n -","isPartOf":{"@id":"https:\/\/cuellarcot.com\/#website"},"datePublished":"2020-06-03T22:44:05+00:00","dateModified":"2021-01-25T14:31:54+00:00","breadcrumb":{"@id":"https:\/\/cuellarcot.com\/index.php\/sobre-nosotros\/dr-asier-cuellar-ayestaran\/#breadcrumb"},"inLanguage":"es","potentialAction":[{"@type":"ReadAction","target":["https:\/\/cuellarcot.com\/index.php\/sobre-nosotros\/dr-asier-cuellar-ayestaran\/"]}]},{"@type":"BreadcrumbList","@id":"https:\/\/cuellarcot.com\/index.php\/sobre-nosotros\/dr-asier-cuellar-ayestaran\/#breadcrumb","itemListElement":[{"@type":"ListItem","position":1,"name":"Portada","item":"https:\/\/cuellarcot.com\/"},{"@type":"ListItem","position":2,"name":"Sobre nosotros","item":"https:\/\/cuellarcot.com\/index.php\/sobre-nosotros\/"},{"@type":"ListItem","position":3,"name":"Dr. Asier Cu\u00e9llar Ayestar\u00e1n"}]},{"@type":"WebSite","@id":"https:\/\/cuellarcot.com\/#website","url":"https:\/\/cuellarcot.com\/","name":"","description":"Traumatolog\u00eda, Cirug\u00eda ortop\u00e9dica y Artroscopia","potentialAction":[{"@type":"SearchAction","target":{"@type":"EntryPoint","urlTemplate":"https:\/\/cuellarcot.com\/?s={search_term_string}"},"query-input":"required name=search_term_string"}],"inLanguage":"es"}]}},"_links":{"self":[{"href":"https:\/\/cuellarcot.com\/index.php\/wp-json\/wp\/v2\/pages\/1447"}],"collection":[{"href":"https:\/\/cuellarcot.com\/index.php\/wp-json\/wp\/v2\/pages"}],"about":[{"href":"https:\/\/cuellarcot.com\/index.php\/wp-json\/wp\/v2\/types\/page"}],"author":[{"embeddable":true,"href":"https:\/\/cuellarcot.com\/index.php\/wp-json\/wp\/v2\/users\/1"}],"replies":[{"embeddable":true,"href":"https:\/\/cuellarcot.com\/index.php\/wp-json\/wp\/v2\/comments?post=1447"}],"version-history":[{"count":6,"href":"https:\/\/cuellarcot.com\/index.php\/wp-json\/wp\/v2\/pages\/1447\/revisions"}],"predecessor-version":[{"id":1578,"href":"https:\/\/cuellarcot.com\/index.php\/wp-json\/wp\/v2\/pages\/1447\/revisions\/1578"}],"up":[{"embeddable":true,"href":"https:\/\/cuellarcot.com\/index.php\/wp-json\/wp\/v2\/pages\/8"}],"wp:featuredmedia":[{"embeddable":true,"href":"https:\/\/cuellarcot.com\/index.php\/wp-json\/wp\/v2\/media\/1487"}],"wp:attachment":[{"href":"https:\/\/cuellarcot.com\/index.php\/wp-json\/wp\/v2\/media?parent=1447"}],"wp:term":[{"taxonomy":"category","embeddable":true,"href":"https:\/\/cuellarcot.com\/index.php\/wp-json\/wp\/v2\/categories?post=1447"},{"taxonomy":"post_tag","embeddable":true,"href":"https:\/\/cuellarcot.com\/index.php\/wp-json\/wp\/v2\/tags?post=1447"}],"curies":[{"name":"wp","href":"https:\/\/api.w.org\/{rel}","templated":true}]}}