{"id":1448,"date":"2020-06-04T00:45:53","date_gmt":"2020-06-03T22:45:53","guid":{"rendered":"http:\/\/cuellarcot.com\/?page_id=1448"},"modified":"2020-06-04T00:49:26","modified_gmt":"2020-06-03T22:49:26","slug":"cursos-realizados-dr-asier-cuellar","status":"publish","type":"page","link":"https:\/\/cuellarcot.com\/index.php\/sobre-nosotros\/dr-asier-cuellar-ayestaran\/cursos-realizados-dr-asier-cuellar\/","title":{"rendered":"Cursos realizados Dr. Asier Cu\u00e9llar"},"content":{"rendered":"<p>Listado de los cursos realizados por el Doctor Adri\u00e1n Cu\u00e9llar Ayestar\u00e1n durante su trayectoria profesional dirigidos a la especializaci\u00f3n y perfeccionamiento de su labor como especialista en Traumatolog\u00eda, Cirug\u00eda ortop\u00e9dica y Artroscopia<\/p>\n<p>&nbsp;<\/p>\n<p><a href=\"http:\/\/cuellarcot.com\/wp-content\/uploads\/2020\/06\/Dr.-Asier-Cue\u00b4llar.jpg\"><img decoding=\"async\" loading=\"lazy\" class=\"size-full wp-image-1437 aligncenter\" src=\"http:\/\/cuellarcot.com\/wp-content\/uploads\/2020\/06\/Dr.-Asier-Cue\u00b4llar.jpg\" alt=\"\" width=\"268\" height=\"300\"><\/a><\/p>\n<p>&nbsp;<\/p>\n<ul>\n<li lang=\"es-ES\"><span style=\"font-family: Helvetica, sans-serif;\"><span style=\"font-family: Arial, sans-serif;\">Curso de Cirug\u00eda Artrosc\u00f3pica Avanzada de Rodilla. Hospital Donostia &#8211; Osakidetza; 23 y 24 de febrero, 2012. <\/span><span style=\"font-family: Arial, sans-serif;\"><b>Acreditado 2,3 cr\u00e9ditos (n\u00ba registro 051\/12 CFC<\/b><\/span><span style=\"font-family: Arial, sans-serif;\"><span lang=\"es-ES\"><b>)<\/b><\/span><\/span><span style=\"font-family: Arial, sans-serif;\"><b>.<\/b><\/span><\/span><\/li>\n<li lang=\"es-ES\"><span style=\"font-family: Helvetica, sans-serif;\"><span style=\"font-family: Arial, sans-serif;\">I Laboratorio de Cirug\u00eda Artrosc\u00f3pica en cad\u00e1ver: T\u00e9cnicas de Rodilla. Dpto de <\/span><span style=\"font-family: Arial, sans-serif;\"><span lang=\"es-ES\">C<\/span><\/span><span style=\"font-family: Arial, sans-serif;\">irug\u00eda y Radiolog\u00eda y Medicina F\u00edsica de la Universidad del Pa\u00eds Vasco; 25 de febrero, 2012. <\/span><span style=\"font-family: Arial, sans-serif;\"><b>Acreditado 1 cr\u00e9dito (n\u00ba registro 698\/11) CFC.<\/b><\/span><\/span><\/li>\n<li lang=\"es-ES\"><span style=\"font-family: Helvetica, sans-serif;\"><span style=\"font-family: Arial, sans-serif;\">1er Congreso Conjunto de la Asociaci\u00f3n Espa\u00f1ola de Artroscopia y Sociedad Espa\u00f1ola de Rodilla. San Sebasti\u00e1n; 24,25,26 y 27 de abril de 2013. Asistencia. <\/span><span style=\"font-family: Arial, sans-serif;\"><b>Acreditado 3 cr\u00e9ditos. CFC<\/b><\/span> <span style=\"font-family: Arial, sans-serif;\"><b>(n\u00ba <\/b><\/span><span style=\"font-family: Arial, sans-serif;\"><span lang=\"es-ES\"><b>regitro<\/b><\/span><\/span><span style=\"font-family: Arial, sans-serif;\"><b>:<\/b><\/span><b> <\/b><span style=\"font-family: Arial, sans-serif;\"><b>273\/13)<\/b><\/span><span style=\"font-family: Arial, sans-serif;\">.<\/span><\/span><\/li>\n<li lang=\"es-ES\"><span style=\"font-family: Helvetica, sans-serif;\"><span style=\"font-family: Arial, sans-serif;\">II Laboratorio de Cirug\u00eda Artrosc\u00f3pica en cad\u00e1ver: T\u00e9cnicas de Artroscopia de Hombro. Dpto de cirug\u00eda y Radiolog\u00eda y Medicina F\u00edsica de la Universidad del Pa\u00eds Vasco; 4 y 5 de julio, 2013. <\/span><span style=\"font-family: Arial, sans-serif;\"><b>Acreditado 3,4 cr\u00e9ditos (n\u00ba registro 450\/13) CFC.<\/b><\/span><\/span><\/li>\n<li lang=\"es-ES\"><span style=\"font-family: Helvetica, sans-serif;\"><span style=\"font-family: Arial, sans-serif;\">III Laboratorio de Cirug\u00eda Artrosc\u00f3pica en cad\u00e1ver: T\u00e9cnicas de Artroscopia de Rodilla. Dpto de cirug\u00eda y Radiolog\u00eda y Medicina F\u00edsica de la Universidad del Pa\u00eds Vasco; 27 y 28 de febrero, 2014. <\/span><span style=\"font-family: Arial, sans-serif;\"><b>Acreditado 1,9 cr\u00e9ditos (n\u00ba registro 779\/13) CFC.<\/b><\/span><\/span><\/li>\n<li lang=\"es-ES\"><span style=\"font-family: Helvetica, sans-serif;\"><span style=\"font-family: Arial, sans-serif;\">III Curso B\u00e1sico y IV Curso Avanzado de Cirug\u00eda Artrosc\u00f3pica de Cadera. Hospital Donostia &#8211; Osakidetza; 27 y 28 de noviembre, 2014. <\/span><span style=\"font-family: Arial, sans-serif;\"><b>Acreditado 2,4 cr\u00e9ditos. CFC <\/b><\/span><span style=\"font-family: Arial, sans-serif;\">(equivalente a 15 horas lectivas).<\/span><\/span><\/li>\n<li lang=\"es-ES\"><span style=\"font-family: Helvetica, sans-serif;\"><span style=\"font-family: Arial, sans-serif;\">IV Laboratorio de Cirug\u00eda Artrosc\u00f3pica en cad\u00e1ver: T\u00e9cnicas de Artroscopia de Hombro (Director y profesor). Dpto de Cirug\u00eda y Radiolog\u00eda y Medicina F\u00edsica de la Universidad del Pa\u00eds Vasco; 12 y 13 de febrero, 2015. <\/span><span style=\"font-family: Arial, sans-serif;\"><b>Acreditado 2 cr\u00e9ditos (n\u00ba registro 026\/15) CFC.<\/b><\/span><\/span><\/li>\n<li lang=\"es-ES\"><span style=\"font-family: Helvetica, sans-serif;\"><span style=\"font-family: Arial, sans-serif;\">Curso <\/span><span style=\"font-family: Arial, sans-serif;\"><span lang=\"es-ES\">b\u00e1sico<\/span><\/span><span style=\"font-family: Arial, sans-serif;\"> Artroscopia de hombro. Cad\u00e1ver Lab.. (18 horas lectivas). Centro de Investigaci\u00f3n Pr\u00edncipe Felipe, Valencia, <\/span><span style=\"font-family: Arial, sans-serif;\"><span lang=\"es-ES\">abril<\/span><\/span><span style=\"font-family: Arial, sans-serif;\">, 2015.<\/span><\/span><\/li>\n<li lang=\"es-ES\"><span style=\"font-family: Helvetica, sans-serif;\"><span style=\"font-family: Arial, sans-serif;\">II Curso de Patolog\u00eda Artrosc\u00f3pica de Hombro. Artroscopia y Ecograf\u00eda.<\/span><span style=\"font-family: Arial, sans-serif;\"><span lang=\"es-ES\"> Una visi\u00f3n global.<\/span><\/span><span style=\"font-family: Arial, sans-serif;\"> Universidad Francisco de Vitoria, Madrid, 20 y 21 de noviembre de 2015.<\/span><\/span><\/li>\n<li lang=\"es-ES\"><span style=\"font-family: Helvetica, sans-serif;\"><span style=\"font-family: Arial, sans-serif;\">V Laboratorio de Cirug\u00eda Artrosc\u00f3pica en cad\u00e1ver: T\u00e9cnicas de Artroscopia de Rodilla. Dpto de Cirug\u00eda y Radiolog\u00eda y Medicina F\u00edsica de la Universidad del Pa\u00eds Vasco; 11 y 12 de febrero, 2016. <\/span><span style=\"font-family: Arial, sans-serif;\"><span lang=\"es-ES\"><b>Acreditado 2 cr\u00e9ditos (n\u00ba registro 78\/16) CFC.<\/b><\/span><\/span><\/span><\/li>\n<li lang=\"es-ES\"><span style=\"font-family: Helvetica, sans-serif;\"><span style=\"font-family: Arial, sans-serif;\">III Curso Te\u00f3rico-Pr\u00e1ctico B\u00e1sico de Artroscopia de hombro y codo. Hospital MAZ de Zaragoza, 21 y 22 de octubre de 2016.<\/span><\/span><\/li>\n<li lang=\"es-ES\"><span style=\"font-family: Helvetica, sans-serif;\"><span style=\"font-family: Arial, sans-serif;\">4\u00ba Congreso Conjunto de la Asociaci\u00f3n Espa\u00f1ola de Artroscopia y Sociedad Espa\u00f1ola de Rodilla. Bilbao, 9-11 de noviembre de 2016. Asistencia y ponencia.<\/span><span style=\"font-family: Arial, sans-serif;\"><b> Acreditado 1,7 cr\u00e9ditos (n\u00ba expediente A7-AFOC-00285.5\/2017) CFC.<\/b><\/span><\/span><\/li>\n<li lang=\"es-ES\"><span style=\"font-family: Helvetica, sans-serif;\"><span style=\"font-family: Arial, sans-serif;\">IV Curso Intensivo de Artroscopia para Residentes. Hospital de la Santa Creu i Sant Pau, Barcelona 1-2 de diciembre de 2016.<\/span><\/span><\/li>\n<li lang=\"es-ES\"><span style=\"font-family: Helvetica, sans-serif;\"><span style=\"font-family: Arial, sans-serif;\">IX CURSO TEO\u0301RICO-PRA\u0301CTICO DE ECOGRAFI\u0301A MUSCULOESQUELE\u0301TICA, n\u00famero<\/span> <span style=\"font-family: Arial, sans-serif;\">de registro 729\/17, celebrado en Donostia \u2013 San Sebasti\u00e1n los d\u00edas 4, 5 y 6 de octubre de 2017 <\/span><\/span><\/li>\n<li lang=\"es-ES\"><span style=\"font-family: Helvetica, sans-serif;\"><span style=\"font-family: Arial, sans-serif;\"><span lang=\"en-US\">10<\/span><\/span><span style=\"font-family: Arial, sans-serif;\"><span lang=\"en-GB\">th Advanced Course on Shoulder Arthroscopy. <\/span><\/span><span style=\"font-family: Arial, sans-serif;\">Conference Centre, Val D\u2019Is\u00e8re, Francia. 22 &#8211; 27 de enero de 2017. (30 horas lectivas).<\/span><\/span><\/li>\n<li lang=\"es-ES\"><span style=\"font-family: Helvetica, sans-serif;\"><span style=\"font-family: Arial, sans-serif;\">VI Laboratorio de Cirug\u00eda Artrosc\u00f3pica en cad\u00e1ver: T\u00e9cnicas de Artroscopia de Hombro. Dpto de Cirug\u00eda y Radiolog\u00eda y Medicina F\u00edsica de la Universidad del Pa\u00eds Vasco; 23 y 24 de febrero, 2017. <\/span><span style=\"font-family: Arial, sans-serif;\"><b>Acreditado<\/b><\/span><span style=\"font-family: Arial, sans-serif;\"><span lang=\"es-ES\"><b> 2,7 <\/b><\/span><\/span><span style=\"font-family: Arial, sans-serif;\"><b>cr\u00e9ditos (n\u00ba <\/b><\/span><span style=\"font-family: Arial, sans-serif;\"><span lang=\"es-ES\"><b>exp.: 113<\/b><\/span><\/span><span style=\"font-family: Arial, sans-serif;\"><b>\/17) CFC.<\/b><\/span><\/span><\/li>\n<li lang=\"es-ES\"><span style=\"font-family: Helvetica, sans-serif;\"><span style=\"font-family: Arial, sans-serif;\">I Laboratorio de Cirug\u00eda en cad\u00e1ver: T\u00e9cnicas de Artroplastia de Hombro. Dpto de Cirug\u00eda y Radiolog\u00eda y Medicina F\u00edsica de la Universidad del Pa\u00eds Vasco; 25 de febrero, 2017. <\/span><span style=\"font-family: Arial, sans-serif;\"><b>Acreditado<\/b><\/span><span style=\"font-family: Arial, sans-serif;\"><span lang=\"es-ES\"><b> 0,8<\/b><\/span><\/span><span style=\"font-family: Arial, sans-serif;\"><b> cr\u00e9ditos (n\u00ba <\/b><\/span><span style=\"font-family: Arial, sans-serif;\"><span lang=\"es-ES\"><b>exp.: 154<\/b><\/span><\/span><span style=\"font-family: Arial, sans-serif;\"><b>\/17) CFC.<\/b><\/span><\/span><\/li>\n<li lang=\"es-ES\"><span style=\"font-family: Helvetica, sans-serif;\"><span style=\"font-family: Arial, sans-serif;\">I Congreso Internacional de Artroscopia ACCART. Cartagena de Indias \u2013 Colombia; 27 a 29 de abril de 2017 (21 horas lectivas).<\/span><\/span><\/li>\n<li lang=\"es-ES\"><span style=\"font-family: Helvetica, sans-serif;\"><span style=\"font-family: Arial, sans-serif;\"><span lang=\"en-GB\">7th Advanced Course on Knee Surgery. <\/span><\/span><span style=\"font-family: Arial, sans-serif;\">Conference Centre, Val D\u2019Is\u00e8re, Francia. <\/span><span style=\"font-family: Arial, sans-serif;\"><span lang=\"es-ES\">14<\/span><\/span><span style=\"font-family: Arial, sans-serif;\"> &#8211; <\/span><span style=\"font-family: Arial, sans-serif;\"><span lang=\"es-ES\">18<\/span><\/span><span style=\"font-family: Arial, sans-serif;\"> de enero de 2017. (30 horas lectivas).<\/span><\/span><\/li>\n<li><span style=\"font-family: Arial, sans-serif;\">66\u00aa Reuni\u00f3n SVNCOT: Junio 2017. Mendaro. Hospital de Mendaro.<\/span><\/li>\n<li><span style=\"font-family: Arial, sans-serif;\">\u00abInfecciones en Aparato Locomotor (Implantes y pr\u00f3tesis)\u00bb<\/span><\/li>\n<li><span style=\"font-family: Arial, sans-serif;\">Curso de microcirug\u00eda Universidad Pa\u00eds Vasco 2017.<\/span><\/li>\n<li lang=\"es-ES\"><span style=\"font-family: Helvetica, sans-serif;\"><span style=\"font-family: Arial, sans-serif;\">V<\/span><span style=\"font-family: Arial, sans-serif;\"><span lang=\"es-ES\">I<\/span><\/span><span style=\"font-family: Arial, sans-serif;\">I Laboratorio de Cirug\u00eda en<\/span> <span style=\"font-family: Arial, sans-serif;\">T\u00e9cnicas de Artroscopia<\/span><span style=\"font-family: Arial, sans-serif;\"><span lang=\"es-ES\">:<\/span><\/span> <span style=\"font-family: Arial, sans-serif;\"><span lang=\"es-ES\">Rodilla<\/span><\/span><span style=\"font-family: Arial, sans-serif;\">. 2<\/span><span style=\"font-family: Arial, sans-serif;\"><span lang=\"es-ES\">2<\/span><\/span><span style=\"font-family: Arial, sans-serif;\"> y 2<\/span><span style=\"font-family: Arial, sans-serif;\"><span lang=\"es-ES\">3<\/span><\/span><span style=\"font-family: Arial, sans-serif;\"> de febrero, 201<\/span><span style=\"font-family: Arial, sans-serif;\"><span lang=\"es-ES\">8<\/span><\/span><span style=\"font-family: Arial, sans-serif;\">. <\/span><span style=\"font-family: Arial, sans-serif;\"><b>Acreditado <\/b><\/span><span style=\"font-family: Arial, sans-serif;\"><span lang=\"es-ES\"><b>2<\/b><\/span><\/span><span style=\"font-family: Arial, sans-serif;\"><b> cr\u00e9ditos (n\u00ba registro <\/b><\/span><span style=\"font-family: Arial, sans-serif;\"><span lang=\"es-ES\"><b>907<\/b><\/span><\/span><span style=\"font-family: Arial, sans-serif;\"><b>\/17) CFC.<\/b><\/span><\/span><\/li>\n<li lang=\"es-ES\"><span style=\"font-family: Helvetica, sans-serif;\"><span style=\"font-family: Arial, sans-serif;\"><span lang=\"es-ES\">I<\/span><\/span><span style=\"font-family: Arial, sans-serif;\">I Laboratorio de Cirug\u00eda <\/span><span style=\"font-family: Arial, sans-serif;\"><span lang=\"es-ES\">en<\/span><\/span><span style=\"font-family: Arial, sans-serif;\"> T\u00e9cnicas de Artrop<\/span><span style=\"font-family: Arial, sans-serif;\"><span lang=\"es-ES\">last<\/span><\/span><span style=\"font-family: Arial, sans-serif;\">ia<\/span><span style=\"font-family: Arial, sans-serif;\"><span lang=\"es-ES\">:<\/span><\/span> <span style=\"font-family: Arial, sans-serif;\"><span lang=\"es-ES\">Rodilla<\/span><\/span><span style=\"font-family: Arial, sans-serif;\">. 2<\/span><span style=\"font-family: Arial, sans-serif;\"><span lang=\"es-ES\">4<\/span><\/span><span style=\"font-family: Arial, sans-serif;\"> de febrero, 201<\/span><span style=\"font-family: Arial, sans-serif;\"><span lang=\"es-ES\">8<\/span><\/span><span style=\"font-family: Arial, sans-serif;\">. <\/span><span style=\"font-family: Arial, sans-serif;\"><b>Acreditado <\/b><\/span><span style=\"font-family: Arial, sans-serif;\"><span lang=\"es-ES\"><b>0,9<\/b><\/span><\/span><span style=\"font-family: Arial, sans-serif;\"><b> cr\u00e9ditos (n\u00ba registro <\/b><\/span><span style=\"font-family: Arial, sans-serif;\"><span lang=\"es-ES\"><b>908<\/b><\/span><\/span><span style=\"font-family: Arial, sans-serif;\"><b>\/17) CFC.<\/b><\/span><\/span><\/li>\n<li lang=\"es-ES\"><span style=\"font-family: Helvetica, sans-serif;\"><span style=\"font-family: Arial, sans-serif;\">Dpto de Cirug\u00eda y Radiolog\u00eda y Medicina F\u00edsica de la Universidad del Pa\u00eds Vasco;<\/span><\/span><\/li>\n<li lang=\"es-ES\"><span style=\"font-family: Helvetica, sans-serif;\"><span style=\"color: #202020;\"><span lang=\"es-ES\">IX Curso de Residentes de Sant Benet&nbsp;en el Monestir de Sant Benet, Sant Fruitos de Bages, Manresa (Barcelona) 18-19-20 abril 2018.<\/span><\/span><\/span><\/li>\n<li lang=\"es-ES\"><span style=\"font-family: Helvetica, sans-serif;\"><span style=\"color: #202020;\"><span lang=\"es-ES\">VIII Laboratorio de Cirug\u00eda en T\u00e9cnicas de Artroscopia: Hombro. Dpto. de Cirug\u00eda y Radiolog\u00eda y Medicina F\u00edsica de la Universidad del Pa\u00eds Vasco. 21 y 22 de febrero, 2019.<\/span><\/span><span style=\"color: #202020;\"><span lang=\"es-ES\"><b>Acreditado 2,6 cr\u00e9ditos (n\u00ba registro 827\/18)<\/b><\/span><\/span> <span style=\"color: #202020;\"><span lang=\"es-ES\"><b>CFC.<\/b><\/span><\/span><\/span><\/li>\n<li lang=\"es-ES\"><span style=\"font-family: Helvetica, sans-serif;\"><span style=\"color: #202020;\"><span lang=\"es-ES\">III Laboratorio de Cirug\u00eda en T\u00e9cnicas de Artroplastia: Hombro Dpto. de Cirug\u00eda y Radiolog\u00eda y Medicina F\u00edsica de la Universidad del Pa\u00eds Vasco. 23 de febrero, 2019. <\/span><\/span><span style=\"color: #202020;\"><span lang=\"es-ES\"><b>Acreditado 0,8 cr\u00e9ditos (n\u00ba registro 828\/18) CFC.<\/b><\/span><\/span><\/span><\/li>\n<li><span style=\"font-family: Arial, sans-serif;\">Curso AOTrauma \u2013 Fundaci\u00f3n SECOT; Principios en el Tratamiento Quir\u00fargico de las Fracturas.<\/span><\/li>\n<li><span style=\"font-family: Arial, sans-serif;\">Curso de enfermedades de los pies. Antonio Viladot. Barcelona 2019.<\/span><\/li>\n<li><span style=\"font-family: Times New Roman, serif;\"><span style=\"color: #202020;\"><span style=\"font-family: Helvetica, sans-serif;\"><span lang=\"es-ES\">C<\/span><\/span><\/span><span style=\"font-family: Arial, sans-serif;\">urso \u201cArtroscopia y artroplastia inversa de hombro en degenerativa y fracturas\u201d, 12 de junio 2019, Sevilla<\/span><\/span><\/li>\n<li><span style=\"font-family: Arial, sans-serif;\"><span lang=\"en-US\">ESSKA Speciality days, Madrid, 8\/11\/2019 and 9\/11\/2019<\/span><\/span><\/li>\n<li><span style=\"font-family: Arial, sans-serif;\">IX Laboratorio de Cirug\u00eda en Cad\u00e1ver T\u00e9cnicas de Artroscopia de Rodilla. Dpto. de Cirug\u00eda y Radiolog\u00eda y Medicina F\u00edsica de la Universidad del Pa\u00eds Vasco. 13 y 14 de febrero, 2020. Acreditado 2,3 cr\u00e9ditos (n\u00ba registro 963\/19) CFC.<\/span><\/li>\n<li><span style=\"font-family: Arial, sans-serif;\">IV Laboratorio de Cirug\u00eda en cad\u00e1ver: T\u00e9cnicas de Artroplastia de Rodilla. Dpto. de Cirug\u00eda y Radiolog\u00eda y Medicina F\u00edsica de la Universidad del Pa\u00eds Vasco. 15 de febrero, 2020. Acreditado <\/span><span style=\"color: #000000;\"><span style=\"font-family: Arial, sans-serif;\">0,7 cr\u00e9ditos (n\u00ba registro 964\/19)<\/span><\/span><span style=\"font-family: Arial, sans-serif;\"> CFC.<\/span><\/li>\n<\/ul>\n","protected":false},"excerpt":{"rendered":"<p>Listado de los cursos realizados por el Doctor Adri\u00e1n Cu\u00e9llar Ayestar\u00e1n durante su trayectoria profesional dirigidos a la especializaci\u00f3n y perfeccionamiento de su labor como especialista en Traumatolog\u00eda, Cirug\u00eda ortop\u00e9dica y Artroscopia &nbsp; &nbsp; Curso de Cirug\u00eda Artrosc\u00f3pica Avanzada de Rodilla. Hospital Donostia &#8211; Osakidetza; 23 y 24 de febrero, 2012. Acreditado 2,3 cr\u00e9ditos (n\u00ba [&hellip;]<\/p>\n","protected":false},"author":1,"featured_media":0,"parent":1447,"menu_order":0,"comment_status":"closed","ping_status":"closed","template":"","meta":{"_exactmetrics_skip_tracking":false,"_exactmetrics_sitenote_active":false,"_exactmetrics_sitenote_note":"","_exactmetrics_sitenote_category":0,"ngg_post_thumbnail":0},"categories":[19],"tags":[],"yoast_head":"<!-- This site is optimized with the Yoast SEO plugin v20.11 - https:\/\/yoast.com\/wordpress\/plugins\/seo\/ -->\n<title>Cursos realizados Dr. Asier Cu\u00e9llar -<\/title>\n<meta name=\"robots\" content=\"index, follow, max-snippet:-1, max-image-preview:large, max-video-preview:-1\" \/>\n<link rel=\"canonical\" href=\"https:\/\/cuellarcot.com\/index.php\/sobre-nosotros\/dr-asier-cuellar-ayestaran\/cursos-realizados-dr-asier-cuellar\/\" \/>\n<meta property=\"og:locale\" content=\"es_ES\" \/>\n<meta property=\"og:type\" content=\"article\" \/>\n<meta property=\"og:title\" content=\"Cursos realizados Dr. Asier Cu\u00e9llar -\" \/>\n<meta property=\"og:description\" content=\"Listado de los cursos realizados por el Doctor Adri\u00e1n Cu\u00e9llar Ayestar\u00e1n durante su trayectoria profesional dirigidos a la especializaci\u00f3n y perfeccionamiento de su labor como especialista en Traumatolog\u00eda, Cirug\u00eda ortop\u00e9dica y Artroscopia &nbsp; &nbsp; Curso de Cirug\u00eda Artrosc\u00f3pica Avanzada de Rodilla. Hospital Donostia &#8211; Osakidetza; 23 y 24 de febrero, 2012. Acreditado 2,3 cr\u00e9ditos (n\u00ba [&hellip;]\" \/>\n<meta property=\"og:url\" content=\"https:\/\/cuellarcot.com\/index.php\/sobre-nosotros\/dr-asier-cuellar-ayestaran\/cursos-realizados-dr-asier-cuellar\/\" \/>\n<meta property=\"article:modified_time\" content=\"2020-06-03T22:49:26+00:00\" \/>\n<meta property=\"og:image\" content=\"http:\/\/cuellarcot.com\/wp-content\/uploads\/2020\/06\/Dr.-Asier-Cue\u00b4llar.jpg\" \/>\n<meta name=\"twitter:card\" content=\"summary_large_image\" \/>\n<meta name=\"twitter:label1\" content=\"Tiempo de lectura\" \/>\n\t<meta name=\"twitter:data1\" content=\"5 minutos\" \/>\n<script type=\"application\/ld+json\" class=\"yoast-schema-graph\">{\"@context\":\"https:\/\/schema.org\",\"@graph\":[{\"@type\":\"WebPage\",\"@id\":\"https:\/\/cuellarcot.com\/index.php\/sobre-nosotros\/dr-asier-cuellar-ayestaran\/cursos-realizados-dr-asier-cuellar\/\",\"url\":\"https:\/\/cuellarcot.com\/index.php\/sobre-nosotros\/dr-asier-cuellar-ayestaran\/cursos-realizados-dr-asier-cuellar\/\",\"name\":\"Cursos realizados Dr. Asier Cu\u00e9llar -\",\"isPartOf\":{\"@id\":\"https:\/\/cuellarcot.com\/#website\"},\"datePublished\":\"2020-06-03T22:45:53+00:00\",\"dateModified\":\"2020-06-03T22:49:26+00:00\",\"breadcrumb\":{\"@id\":\"https:\/\/cuellarcot.com\/index.php\/sobre-nosotros\/dr-asier-cuellar-ayestaran\/cursos-realizados-dr-asier-cuellar\/#breadcrumb\"},\"inLanguage\":\"es\",\"potentialAction\":[{\"@type\":\"ReadAction\",\"target\":[\"https:\/\/cuellarcot.com\/index.php\/sobre-nosotros\/dr-asier-cuellar-ayestaran\/cursos-realizados-dr-asier-cuellar\/\"]}]},{\"@type\":\"BreadcrumbList\",\"@id\":\"https:\/\/cuellarcot.com\/index.php\/sobre-nosotros\/dr-asier-cuellar-ayestaran\/cursos-realizados-dr-asier-cuellar\/#breadcrumb\",\"itemListElement\":[{\"@type\":\"ListItem\",\"position\":1,\"name\":\"Portada\",\"item\":\"https:\/\/cuellarcot.com\/\"},{\"@type\":\"ListItem\",\"position\":2,\"name\":\"Sobre nosotros\",\"item\":\"https:\/\/cuellarcot.com\/index.php\/sobre-nosotros\/\"},{\"@type\":\"ListItem\",\"position\":3,\"name\":\"Dr. Asier Cu\u00e9llar Ayestar\u00e1n\",\"item\":\"https:\/\/cuellarcot.com\/index.php\/sobre-nosotros\/dr-asier-cuellar-ayestaran\/\"},{\"@type\":\"ListItem\",\"position\":4,\"name\":\"Cursos realizados Dr. Asier Cu\u00e9llar\"}]},{\"@type\":\"WebSite\",\"@id\":\"https:\/\/cuellarcot.com\/#website\",\"url\":\"https:\/\/cuellarcot.com\/\",\"name\":\"\",\"description\":\"Traumatolog\u00eda, Cirug\u00eda ortop\u00e9dica y Artroscopia\",\"potentialAction\":[{\"@type\":\"SearchAction\",\"target\":{\"@type\":\"EntryPoint\",\"urlTemplate\":\"https:\/\/cuellarcot.com\/?s={search_term_string}\"},\"query-input\":\"required name=search_term_string\"}],\"inLanguage\":\"es\"}]}<\/script>\n<!-- \/ Yoast SEO plugin. -->","yoast_head_json":{"title":"Cursos realizados Dr. Asier Cu\u00e9llar -","robots":{"index":"index","follow":"follow","max-snippet":"max-snippet:-1","max-image-preview":"max-image-preview:large","max-video-preview":"max-video-preview:-1"},"canonical":"https:\/\/cuellarcot.com\/index.php\/sobre-nosotros\/dr-asier-cuellar-ayestaran\/cursos-realizados-dr-asier-cuellar\/","og_locale":"es_ES","og_type":"article","og_title":"Cursos realizados Dr. Asier Cu\u00e9llar -","og_description":"Listado de los cursos realizados por el Doctor Adri\u00e1n Cu\u00e9llar Ayestar\u00e1n durante su trayectoria profesional dirigidos a la especializaci\u00f3n y perfeccionamiento de su labor como especialista en Traumatolog\u00eda, Cirug\u00eda ortop\u00e9dica y Artroscopia &nbsp; &nbsp; Curso de Cirug\u00eda Artrosc\u00f3pica Avanzada de Rodilla. Hospital Donostia &#8211; Osakidetza; 23 y 24 de febrero, 2012. Acreditado 2,3 cr\u00e9ditos (n\u00ba [&hellip;]","og_url":"https:\/\/cuellarcot.com\/index.php\/sobre-nosotros\/dr-asier-cuellar-ayestaran\/cursos-realizados-dr-asier-cuellar\/","article_modified_time":"2020-06-03T22:49:26+00:00","og_image":[{"url":"http:\/\/cuellarcot.com\/wp-content\/uploads\/2020\/06\/Dr.-Asier-Cue\u00b4llar.jpg"}],"twitter_card":"summary_large_image","twitter_misc":{"Tiempo de lectura":"5 minutos"},"schema":{"@context":"https:\/\/schema.org","@graph":[{"@type":"WebPage","@id":"https:\/\/cuellarcot.com\/index.php\/sobre-nosotros\/dr-asier-cuellar-ayestaran\/cursos-realizados-dr-asier-cuellar\/","url":"https:\/\/cuellarcot.com\/index.php\/sobre-nosotros\/dr-asier-cuellar-ayestaran\/cursos-realizados-dr-asier-cuellar\/","name":"Cursos realizados Dr. Asier Cu\u00e9llar -","isPartOf":{"@id":"https:\/\/cuellarcot.com\/#website"},"datePublished":"2020-06-03T22:45:53+00:00","dateModified":"2020-06-03T22:49:26+00:00","breadcrumb":{"@id":"https:\/\/cuellarcot.com\/index.php\/sobre-nosotros\/dr-asier-cuellar-ayestaran\/cursos-realizados-dr-asier-cuellar\/#breadcrumb"},"inLanguage":"es","potentialAction":[{"@type":"ReadAction","target":["https:\/\/cuellarcot.com\/index.php\/sobre-nosotros\/dr-asier-cuellar-ayestaran\/cursos-realizados-dr-asier-cuellar\/"]}]},{"@type":"BreadcrumbList","@id":"https:\/\/cuellarcot.com\/index.php\/sobre-nosotros\/dr-asier-cuellar-ayestaran\/cursos-realizados-dr-asier-cuellar\/#breadcrumb","itemListElement":[{"@type":"ListItem","position":1,"name":"Portada","item":"https:\/\/cuellarcot.com\/"},{"@type":"ListItem","position":2,"name":"Sobre nosotros","item":"https:\/\/cuellarcot.com\/index.php\/sobre-nosotros\/"},{"@type":"ListItem","position":3,"name":"Dr. Asier Cu\u00e9llar Ayestar\u00e1n","item":"https:\/\/cuellarcot.com\/index.php\/sobre-nosotros\/dr-asier-cuellar-ayestaran\/"},{"@type":"ListItem","position":4,"name":"Cursos realizados Dr. Asier Cu\u00e9llar"}]},{"@type":"WebSite","@id":"https:\/\/cuellarcot.com\/#website","url":"https:\/\/cuellarcot.com\/","name":"","description":"Traumatolog\u00eda, Cirug\u00eda ortop\u00e9dica y Artroscopia","potentialAction":[{"@type":"SearchAction","target":{"@type":"EntryPoint","urlTemplate":"https:\/\/cuellarcot.com\/?s={search_term_string}"},"query-input":"required name=search_term_string"}],"inLanguage":"es"}]}},"_links":{"self":[{"href":"https:\/\/cuellarcot.com\/index.php\/wp-json\/wp\/v2\/pages\/1448"}],"collection":[{"href":"https:\/\/cuellarcot.com\/index.php\/wp-json\/wp\/v2\/pages"}],"about":[{"href":"https:\/\/cuellarcot.com\/index.php\/wp-json\/wp\/v2\/types\/page"}],"author":[{"embeddable":true,"href":"https:\/\/cuellarcot.com\/index.php\/wp-json\/wp\/v2\/users\/1"}],"replies":[{"embeddable":true,"href":"https:\/\/cuellarcot.com\/index.php\/wp-json\/wp\/v2\/comments?post=1448"}],"version-history":[{"count":2,"href":"https:\/\/cuellarcot.com\/index.php\/wp-json\/wp\/v2\/pages\/1448\/revisions"}],"predecessor-version":[{"id":1452,"href":"https:\/\/cuellarcot.com\/index.php\/wp-json\/wp\/v2\/pages\/1448\/revisions\/1452"}],"up":[{"embeddable":true,"href":"https:\/\/cuellarcot.com\/index.php\/wp-json\/wp\/v2\/pages\/1447"}],"wp:attachment":[{"href":"https:\/\/cuellarcot.com\/index.php\/wp-json\/wp\/v2\/media?parent=1448"}],"wp:term":[{"taxonomy":"category","embeddable":true,"href":"https:\/\/cuellarcot.com\/index.php\/wp-json\/wp\/v2\/categories?post=1448"},{"taxonomy":"post_tag","embeddable":true,"href":"https:\/\/cuellarcot.com\/index.php\/wp-json\/wp\/v2\/tags?post=1448"}],"curies":[{"name":"wp","href":"https:\/\/api.w.org\/{rel}","templated":true}]}}